{"id":1572,"date":"2021-11-21T15:14:41","date_gmt":"2021-11-21T15:14:41","guid":{"rendered":"https:\/\/colodeteadvocacia.com\/index.php\/services\/"},"modified":"2023-06-12T14:52:51","modified_gmt":"2023-06-12T17:52:51","slug":"services","status":"publish","type":"page","link":"https:\/\/colodeteadvocacia.com\/index.php\/services\/","title":{"rendered":"Quem somos n\u00f3s"},"content":{"rendered":"\t\t<div data-elementor-type=\"wp-page\" data-elementor-id=\"1572\" class=\"elementor elementor-1572\">\n\t\t\t\t\t\t\t\t\t<section class=\"elementor-section elementor-top-section elementor-element elementor-element-83746e8 elementor-section-height-min-height elementor-section-boxed elementor-section-height-default elementor-section-items-middle\" data-id=\"83746e8\" data-element_type=\"section\" data-settings=\"{&quot;background_background&quot;:&quot;classic&quot;}\">\n\t\t\t\t\t\t\t<div class=\"elementor-background-overlay\"><\/div>\n\t\t\t\t\t\t\t<div class=\"elementor-container elementor-column-gap-default\">\n\t\t\t\t\t<div class=\"elementor-column elementor-col-100 elementor-top-column elementor-element elementor-element-09faee3\" data-id=\"09faee3\" data-element_type=\"column\">\n\t\t\t<div class=\"elementor-widget-wrap elementor-element-populated\">\n\t\t\t\t\t\t\t\t<div class=\"elementor-element elementor-element-c7152a9 elementor-widget__width-auto elementor-widget elementor-widget-heading\" data-id=\"c7152a9\" data-element_type=\"widget\" data-widget_type=\"heading.default\">\n\t\t\t\t<div class=\"elementor-widget-container\">\n\t\t\t<style>\/*! elementor - v3.14.0 - 18-06-2023 *\/\n.elementor-heading-title{padding:0;margin:0;line-height:1}.elementor-widget-heading .elementor-heading-title[class*=elementor-size-]>a{color:inherit;font-size:inherit;line-height:inherit}.elementor-widget-heading .elementor-heading-title.elementor-size-small{font-size:15px}.elementor-widget-heading .elementor-heading-title.elementor-size-medium{font-size:19px}.elementor-widget-heading .elementor-heading-title.elementor-size-large{font-size:29px}.elementor-widget-heading .elementor-heading-title.elementor-size-xl{font-size:39px}.elementor-widget-heading .elementor-heading-title.elementor-size-xxl{font-size:59px}<\/style><h1 class=\"elementor-heading-title elementor-size-default\">Quem somos n\u00f3s<\/h1>\t\t<\/div>\n\t\t\t\t<\/div>\n\t\t\t\t\t<\/div>\n\t\t<\/div>\n\t\t\t\t\t\t\t<\/div>\n\t\t<\/section>\n\t\t\t\t<section class=\"elementor-section elementor-top-section elementor-element elementor-element-a92bf94 elementor-section-boxed elementor-section-height-default elementor-section-height-default\" data-id=\"a92bf94\" data-element_type=\"section\">\n\t\t\t\t\t\t<div class=\"elementor-container elementor-column-gap-default\">\n\t\t\t\t\t<div class=\"elementor-column elementor-col-50 elementor-top-column elementor-element elementor-element-f485586\" data-id=\"f485586\" data-element_type=\"column\">\n\t\t\t<div class=\"elementor-widget-wrap elementor-element-populated\">\n\t\t\t\t\t\t\t\t<div class=\"elementor-element elementor-element-b5d284b elementor-widget elementor-widget-image\" data-id=\"b5d284b\" data-element_type=\"widget\" data-widget_type=\"image.default\">\n\t\t\t\t<div class=\"elementor-widget-container\">\n\t\t\t<style>\/*! elementor - v3.14.0 - 18-06-2023 *\/\n.elementor-widget-image{text-align:center}.elementor-widget-image a{display:inline-block}.elementor-widget-image a img[src$=\".svg\"]{width:48px}.elementor-widget-image img{vertical-align:middle;display:inline-block}<\/style>\t\t\t\t\t\t\t\t\t\t\t\t<img decoding=\"async\" width=\"1195\" height=\"1209\" src=\"https:\/\/colodeteadvocacia.com\/wp-content\/uploads\/2023\/06\/curriculo-2.jpg\" class=\"attachment-1536x1536 size-1536x1536 wp-image-1687\" alt=\"\" srcset=\"https:\/\/colodeteadvocacia.com\/wp-content\/uploads\/2023\/06\/curriculo-2.jpg 1195w, https:\/\/colodeteadvocacia.com\/wp-content\/uploads\/2023\/06\/curriculo-2-297x300.jpg 297w, https:\/\/colodeteadvocacia.com\/wp-content\/uploads\/2023\/06\/curriculo-2-1012x1024.jpg 1012w, https:\/\/colodeteadvocacia.com\/wp-content\/uploads\/2023\/06\/curriculo-2-768x777.jpg 768w\" sizes=\"(max-width: 1195px) 100vw, 1195px\" \/>\t\t\t\t\t\t\t\t\t\t\t\t\t\t\t<\/div>\n\t\t\t\t<\/div>\n\t\t\t\t\t<\/div>\n\t\t<\/div>\n\t\t\t\t<div class=\"elementor-column elementor-col-50 elementor-top-column elementor-element elementor-element-7d00c84\" data-id=\"7d00c84\" data-element_type=\"column\">\n\t\t\t<div class=\"elementor-widget-wrap elementor-element-populated\">\n\t\t\t\t\t\t\t\t<div class=\"elementor-element elementor-element-8ce1b85 elementor-widget elementor-widget-heading\" data-id=\"8ce1b85\" data-element_type=\"widget\" data-widget_type=\"heading.default\">\n\t\t\t\t<div class=\"elementor-widget-container\">\n\t\t\t<h4 class=\"elementor-heading-title elementor-size-default\">Dra. Mayara Colodete<\/h4>\t\t<\/div>\n\t\t\t\t<\/div>\n\t\t\t\t<div class=\"elementor-element elementor-element-c31e03f elementor-widget elementor-widget-text-editor\" data-id=\"c31e03f\" data-element_type=\"widget\" data-widget_type=\"text-editor.default\">\n\t\t\t\t<div class=\"elementor-widget-container\">\n\t\t\t<style>\/*! elementor - v3.14.0 - 18-06-2023 *\/\n.elementor-widget-text-editor.elementor-drop-cap-view-stacked .elementor-drop-cap{background-color:#69727d;color:#fff}.elementor-widget-text-editor.elementor-drop-cap-view-framed .elementor-drop-cap{color:#69727d;border:3px solid;background-color:transparent}.elementor-widget-text-editor:not(.elementor-drop-cap-view-default) .elementor-drop-cap{margin-top:8px}.elementor-widget-text-editor:not(.elementor-drop-cap-view-default) .elementor-drop-cap-letter{width:1em;height:1em}.elementor-widget-text-editor .elementor-drop-cap{float:left;text-align:center;line-height:1;font-size:50px}.elementor-widget-text-editor .elementor-drop-cap-letter{display:inline-block}<\/style>\t\t\t\t<p class=\"MsoNormal\" style=\"margin: 0cm 0cm 0.0001pt 35.45pt; text-align: justify; line-height: normal; background-image: initial; background-position: initial; background-size: initial; background-repeat: initial; background-attachment: initial; background-origin: initial; background-clip: initial;\"><span style=\"font-family: 'Arial','sans-serif'; mso-fareast-font-family: 'Times New Roman'; color: black; mso-fareast-language: PT-BR;\">Nossa hist\u00f3ria come\u00e7a quando a Dra. Mayara Colodete, graduada pela Universidade Federal Fluminense (Brasil), decide que sua hist\u00f3ria n\u00e3o precisava se limitar ao Brasil.\u00a0<\/span><\/p><p class=\"MsoNormal\" style=\"margin: 0cm 0cm 0.0001pt 35.45pt; text-align: justify; line-height: normal; background-image: initial; background-position: initial; background-size: initial; background-repeat: initial; background-attachment: initial; background-origin: initial; background-clip: initial;\"><span style=\"font-size: 12.0pt; font-family: 'Times New Roman','serif'; mso-fareast-font-family: 'Times New Roman'; mso-fareast-language: PT-BR;\">\u00a0<\/span><\/p><p class=\"MsoNormal\" style=\"margin: 0cm 0cm 0.0001pt 35.45pt; text-align: justify; line-height: normal; background-image: initial; background-position: initial; background-size: initial; background-repeat: initial; background-attachment: initial; background-origin: initial; background-clip: initial;\"><span style=\"font-family: 'Arial','sans-serif'; mso-fareast-font-family: 'Times New Roman'; color: black; mso-fareast-language: PT-BR;\">Descendente de portugueses e italianos, \u00e9 aprovada em segundo lugar para cursar um Mestrado na cadeira de Direito Civil da Universidade de Lisboa e ali desenvolve habilidades e compet\u00eancias para estruturar o melhor atendimento em advocacia internacional.<\/span><\/p><p class=\"MsoNormal\" style=\"margin: 0cm 0cm 0.0001pt 35.45pt; text-align: justify; line-height: normal; background-image: initial; background-position: initial; background-size: initial; background-repeat: initial; background-attachment: initial; background-origin: initial; background-clip: initial;\"><span style=\"font-family: 'Arial','sans-serif'; mso-fareast-font-family: 'Times New Roman'; color: black; mso-fareast-language: PT-BR;\">\u00a0<\/span><\/p><p class=\"MsoNormal\" style=\"margin: 0cm 0cm 0.0001pt 35.45pt; text-align: justify; line-height: normal; background-image: initial; background-position: initial; background-size: initial; background-repeat: initial; background-attachment: initial; background-origin: initial; background-clip: initial;\">\u00a0<\/p><p class=\"MsoNormal\" style=\"margin: 0cm 0cm 0.0001pt 35.45pt; text-align: justify; line-height: normal; background-image: initial; background-position: initial; background-size: initial; background-repeat: initial; background-attachment: initial; background-origin: initial; background-clip: initial;\"><span style=\"font-family: 'Arial','sans-serif'; mso-fareast-font-family: 'Times New Roman'; color: black; mso-fareast-language: PT-BR;\">N\u00e3o somos curiosos! Com inscri\u00e7\u00e3o na Ordem dos Advogados do Brasil &#8211; OAB\/RJ sob o n.\u00ba 229.793 e na Ordem dos Advogados portugueses sob o n.\u00ba 65760L, a Dra. Mayara Colodete atende clientes em todo o mundo e se inspira a cada dia nas hist\u00f3rias que ajuda a construir.\u00a0<\/span><\/p>\t\t\t\t\t\t<\/div>\n\t\t\t\t<\/div>\n\t\t\t\t\t<\/div>\n\t\t<\/div>\n\t\t\t\t\t\t\t<\/div>\n\t\t<\/section>\n\t\t\t\t<section class=\"elementor-section elementor-top-section elementor-element elementor-element-81b0575 elementor-section-boxed elementor-section-height-default elementor-section-height-default\" data-id=\"81b0575\" data-element_type=\"section\">\n\t\t\t\t\t\t<div class=\"elementor-container elementor-column-gap-default\">\n\t\t\t\t\t<div class=\"elementor-column elementor-col-50 elementor-top-column elementor-element elementor-element-15cfb90\" data-id=\"15cfb90\" data-element_type=\"column\">\n\t\t\t<div class=\"elementor-widget-wrap elementor-element-populated\">\n\t\t\t\t\t\t\t\t<div class=\"elementor-element elementor-element-a26d886 elementor-widget elementor-widget-image\" data-id=\"a26d886\" data-element_type=\"widget\" data-widget_type=\"image.default\">\n\t\t\t\t<div class=\"elementor-widget-container\">\n\t\t\t\t\t\t\t\t\t\t\t\t\t\t\t<img decoding=\"async\" width=\"740\" height=\"1000\" src=\"https:\/\/colodeteadvocacia.com\/wp-content\/uploads\/2023\/05\/Copia-de-Copia-de-Copia-de-PASSEAR-Story-do-Instagram-9.png\" class=\"attachment-full size-full wp-image-1589\" alt=\"\" srcset=\"https:\/\/colodeteadvocacia.com\/wp-content\/uploads\/2023\/05\/Copia-de-Copia-de-Copia-de-PASSEAR-Story-do-Instagram-9.png 740w, https:\/\/colodeteadvocacia.com\/wp-content\/uploads\/2023\/05\/Copia-de-Copia-de-Copia-de-PASSEAR-Story-do-Instagram-9-222x300.png 222w\" sizes=\"(max-width: 740px) 100vw, 740px\" \/>\t\t\t\t\t\t\t\t\t\t\t\t\t\t\t<\/div>\n\t\t\t\t<\/div>\n\t\t\t\t\t<\/div>\n\t\t<\/div>\n\t\t\t\t<div class=\"elementor-column elementor-col-50 elementor-top-column elementor-element elementor-element-97c09ce\" data-id=\"97c09ce\" data-element_type=\"column\">\n\t\t\t<div class=\"elementor-widget-wrap elementor-element-populated\">\n\t\t\t\t\t\t\t\t<div class=\"elementor-element elementor-element-cfc6530 elementor-widget elementor-widget-heading\" data-id=\"cfc6530\" data-element_type=\"widget\" data-widget_type=\"heading.default\">\n\t\t\t\t<div class=\"elementor-widget-container\">\n\t\t\t<h4 class=\"elementor-heading-title elementor-size-default\">Atendimento a n\u00edvel mundial!<\/h4>\t\t<\/div>\n\t\t\t\t<\/div>\n\t\t\t\t<div class=\"elementor-element elementor-element-f06fcd5 elementor-widget elementor-widget-text-editor\" data-id=\"f06fcd5\" data-element_type=\"widget\" data-widget_type=\"text-editor.default\">\n\t\t\t\t<div class=\"elementor-widget-container\">\n\t\t\t\t\t\t\t<p>Estamos em Lisboa, mas nosso escrit\u00f3rio opera de modo 100% digital. Estamos \u00e0 dist\u00e2ncia de um contato, sua localiza\u00e7\u00e3o n\u00e3o \u00e9 um problema.\u00a0<\/p>\t\t\t\t\t\t<\/div>\n\t\t\t\t<\/div>\n\t\t\t\t<div class=\"elementor-element elementor-element-57cdccd elementor-widget elementor-widget-button\" data-id=\"57cdccd\" data-element_type=\"widget\" data-widget_type=\"button.default\">\n\t\t\t\t<div class=\"elementor-widget-container\">\n\t\t\t\t\t<div class=\"elementor-button-wrapper\">\n\t\t\t<a class=\"elementor-button elementor-button-link elementor-size-sm\" href=\"#\">\n\t\t\t\t\t\t<span class=\"elementor-button-content-wrapper\">\n\t\t\t\t\t\t<span class=\"elementor-button-text\">Falar com a advogada!<\/span>\n\t\t<\/span>\n\t\t\t\t\t<\/a>\n\t\t<\/div>\n\t\t\t\t<\/div>\n\t\t\t\t<\/div>\n\t\t\t\t\t<\/div>\n\t\t<\/div>\n\t\t\t\t\t\t\t<\/div>\n\t\t<\/section>\n\t\t\t\t<section class=\"elementor-section elementor-top-section elementor-element elementor-element-f2400c1 elementor-section-boxed elementor-section-height-default elementor-section-height-default\" data-id=\"f2400c1\" data-element_type=\"section\">\n\t\t\t\t\t\t<div class=\"elementor-container elementor-column-gap-default\">\n\t\t\t\t\t<div class=\"elementor-column elementor-col-50 elementor-top-column elementor-element elementor-element-7609ad3\" data-id=\"7609ad3\" data-element_type=\"column\">\n\t\t\t<div class=\"elementor-widget-wrap elementor-element-populated\">\n\t\t\t\t\t\t\t\t<div class=\"elementor-element elementor-element-3dd6d97 elementor-widget elementor-widget-image\" data-id=\"3dd6d97\" data-element_type=\"widget\" data-widget_type=\"image.default\">\n\t\t\t\t<div class=\"elementor-widget-container\">\n\t\t\t\t\t\t\t\t\t\t\t\t\t\t\t<img decoding=\"async\" width=\"4501\" height=\"4500\" src=\"https:\/\/colodeteadvocacia.com\/wp-content\/uploads\/2023\/06\/logotipo-1.png\" class=\"attachment-full size-full wp-image-1688\" alt=\"\" srcset=\"https:\/\/colodeteadvocacia.com\/wp-content\/uploads\/2023\/06\/logotipo-1.png 4501w, https:\/\/colodeteadvocacia.com\/wp-content\/uploads\/2023\/06\/logotipo-1-300x300.png 300w, https:\/\/colodeteadvocacia.com\/wp-content\/uploads\/2023\/06\/logotipo-1-1024x1024.png 1024w, https:\/\/colodeteadvocacia.com\/wp-content\/uploads\/2023\/06\/logotipo-1-150x150.png 150w, https:\/\/colodeteadvocacia.com\/wp-content\/uploads\/2023\/06\/logotipo-1-768x768.png 768w, https:\/\/colodeteadvocacia.com\/wp-content\/uploads\/2023\/06\/logotipo-1-1536x1536.png 1536w, https:\/\/colodeteadvocacia.com\/wp-content\/uploads\/2023\/06\/logotipo-1-2048x2048.png 2048w\" sizes=\"(max-width: 4501px) 100vw, 4501px\" \/>\t\t\t\t\t\t\t\t\t\t\t\t\t\t\t<\/div>\n\t\t\t\t<\/div>\n\t\t\t\t\t<\/div>\n\t\t<\/div>\n\t\t\t\t<div class=\"elementor-column elementor-col-50 elementor-top-column elementor-element elementor-element-40bfc21\" data-id=\"40bfc21\" data-element_type=\"column\">\n\t\t\t<div class=\"elementor-widget-wrap elementor-element-populated\">\n\t\t\t\t\t\t\t\t<div class=\"elementor-element elementor-element-7cce840 elementor-widget elementor-widget-heading\" data-id=\"7cce840\" data-element_type=\"widget\" data-widget_type=\"heading.default\">\n\t\t\t\t<div class=\"elementor-widget-container\">\n\t\t\t<h4 class=\"elementor-heading-title elementor-size-default\">Vis\u00e3o, Miss\u00e3o e Valores.<\/h4>\t\t<\/div>\n\t\t\t\t<\/div>\n\t\t\t\t<div class=\"elementor-element elementor-element-18dff64 elementor-widget elementor-widget-text-editor\" data-id=\"18dff64\" data-element_type=\"widget\" data-widget_type=\"text-editor.default\">\n\t\t\t\t<div class=\"elementor-widget-container\">\n\t\t\t\t\t\t\t<p>Vis\u00e3o: sermos reconhecidos como promotores de imigra\u00e7\u00f5es seguras e respons\u00e1veis;<\/p><p>\u00a0<\/p><p>Miss\u00e3o: na resolu\u00e7\u00e3o de problemas ou na realiza\u00e7\u00e3o de sonhos, sermos a primeira escolha dos nossos clientes.<\/p><p>\u00a0<\/p><p>Valores: \u00c9tica, responsabilidade e transpar\u00eancia.<\/p>\t\t\t\t\t\t<\/div>\n\t\t\t\t<\/div>\n\t\t\t\t\t<\/div>\n\t\t<\/div>\n\t\t\t\t\t\t\t<\/div>\n\t\t<\/section>\n\t\t\t\t<section class=\"elementor-section elementor-top-section elementor-element elementor-element-b6186b4 elementor-section-boxed elementor-section-height-default elementor-section-height-default\" data-id=\"b6186b4\" data-element_type=\"section\" data-settings=\"{&quot;background_background&quot;:&quot;classic&quot;}\">\n\t\t\t\t\t\t<div class=\"elementor-container elementor-column-gap-default\">\n\t\t\t\t\t<div class=\"elementor-column elementor-col-50 elementor-top-column elementor-element elementor-element-82668e3\" data-id=\"82668e3\" data-element_type=\"column\">\n\t\t\t<div class=\"elementor-widget-wrap elementor-element-populated\">\n\t\t\t\t\t\t\t\t<div class=\"elementor-element elementor-element-0d78433 elementor-widget elementor-widget-text-editor\" data-id=\"0d78433\" data-element_type=\"widget\" data-widget_type=\"text-editor.default\">\n\t\t\t\t<div class=\"elementor-widget-container\">\n\t\t\t\t\t\t\t\t\t\t\t\t\t<\/div>\n\t\t\t\t<\/div>\n\t\t\t\t<div class=\"elementor-element elementor-element-c4c9e42 elementor-widget elementor-widget-text-editor\" data-id=\"c4c9e42\" data-element_type=\"widget\" data-widget_type=\"text-editor.default\">\n\t\t\t\t<div class=\"elementor-widget-container\">\n\t\t\t\t\t\t\t\t\t\t\t\t\t<\/div>\n\t\t\t\t<\/div>\n\t\t\t\t\t<\/div>\n\t\t<\/div>\n\t\t\t\t<div class=\"elementor-column elementor-col-50 elementor-top-column elementor-element elementor-element-a1b4c52\" data-id=\"a1b4c52\" data-element_type=\"column\">\n\t\t\t<div class=\"elementor-widget-wrap elementor-element-populated\">\n\t\t\t\t\t\t\t\t<section class=\"elementor-section elementor-inner-section elementor-element elementor-element-1f13d7e elementor-hidden-tablet elementor-hidden-mobile elementor-section-content-middle elementor-section-boxed elementor-section-height-default elementor-section-height-default\" data-id=\"1f13d7e\" data-element_type=\"section\">\n\t\t\t\t\t\t<div class=\"elementor-container elementor-column-gap-default\">\n\t\t\t\t\t<div class=\"elementor-column elementor-col-50 elementor-inner-column elementor-element elementor-element-a96cd8e\" data-id=\"a96cd8e\" data-element_type=\"column\">\n\t\t\t<div class=\"elementor-widget-wrap elementor-element-populated\">\n\t\t\t\t\t\t\t\t<div class=\"elementor-element elementor-element-16d3c4b elementor-view-stacked elementor-vertical-align-bottom elementor-shape-circle elementor-mobile-position-top elementor-widget elementor-widget-icon-box\" data-id=\"16d3c4b\" data-element_type=\"widget\" data-widget_type=\"icon-box.default\">\n\t\t\t\t<div class=\"elementor-widget-container\">\n\t\t\t<link rel=\"stylesheet\" href=\"https:\/\/colodeteadvocacia.com\/wp-content\/plugins\/elementor\/assets\/css\/widget-icon-box.min.css\">\t\t<div class=\"elementor-icon-box-wrapper\">\n\t\t\t\t\t\t<div class=\"elementor-icon-box-icon\">\n\t\t\t\t<span class=\"elementor-icon elementor-animation-\" >\n\t\t\t\t<i aria-hidden=\"true\" class=\"fas fa-award\"><\/i>\t\t\t\t<\/span>\n\t\t\t<\/div>\n\t\t\t\t\t\t<div class=\"elementor-icon-box-content\">\n\t\t\t\t<h3 class=\"elementor-icon-box-title\">\n\t\t\t\t\t<span  >\n\t\t\t\t\t\t8 Years Experience\t\t\t\t\t<\/span>\n\t\t\t\t<\/h3>\n\t\t\t\t\t\t\t<\/div>\n\t\t<\/div>\n\t\t\t\t<\/div>\n\t\t\t\t<\/div>\n\t\t\t\t\t<\/div>\n\t\t<\/div>\n\t\t\t\t<div class=\"elementor-column elementor-col-50 elementor-inner-column elementor-element elementor-element-e6d804a\" data-id=\"e6d804a\" data-element_type=\"column\">\n\t\t\t<div class=\"elementor-widget-wrap elementor-element-populated\">\n\t\t\t\t\t\t\t\t<div class=\"elementor-element elementor-element-ae63931 elementor-view-stacked elementor-vertical-align-bottom elementor-shape-circle elementor-mobile-position-top elementor-widget elementor-widget-icon-box\" data-id=\"ae63931\" data-element_type=\"widget\" data-widget_type=\"icon-box.default\">\n\t\t\t\t<div class=\"elementor-widget-container\">\n\t\t\t\t\t<div class=\"elementor-icon-box-wrapper\">\n\t\t\t\t\t\t<div class=\"elementor-icon-box-icon\">\n\t\t\t\t<span class=\"elementor-icon elementor-animation-\" >\n\t\t\t\t<i aria-hidden=\"true\" class=\"fas fa-star\"><\/i>\t\t\t\t<\/span>\n\t\t\t<\/div>\n\t\t\t\t\t\t<div class=\"elementor-icon-box-content\">\n\t\t\t\t<h3 class=\"elementor-icon-box-title\">\n\t\t\t\t\t<span  >\n\t\t\t\t\t\t5 Star Rating\t\t\t\t\t<\/span>\n\t\t\t\t<\/h3>\n\t\t\t\t\t\t\t<\/div>\n\t\t<\/div>\n\t\t\t\t<\/div>\n\t\t\t\t<\/div>\n\t\t\t\t\t<\/div>\n\t\t<\/div>\n\t\t\t\t\t\t\t<\/div>\n\t\t<\/section>\n\t\t\t\t<section class=\"elementor-section elementor-inner-section elementor-element elementor-element-65ca53d elementor-section-content-middle elementor-hidden-tablet elementor-hidden-mobile elementor-section-boxed elementor-section-height-default elementor-section-height-default\" data-id=\"65ca53d\" data-element_type=\"section\">\n\t\t\t\t\t\t<div class=\"elementor-container elementor-column-gap-default\">\n\t\t\t\t\t<div class=\"elementor-column elementor-col-50 elementor-inner-column elementor-element elementor-element-487193b\" data-id=\"487193b\" data-element_type=\"column\">\n\t\t\t<div class=\"elementor-widget-wrap elementor-element-populated\">\n\t\t\t\t\t\t\t\t<div class=\"elementor-element elementor-element-455ea8d elementor-view-stacked elementor-vertical-align-bottom elementor-shape-circle elementor-mobile-position-top elementor-widget elementor-widget-icon-box\" data-id=\"455ea8d\" data-element_type=\"widget\" data-widget_type=\"icon-box.default\">\n\t\t\t\t<div class=\"elementor-widget-container\">\n\t\t\t\t\t<div class=\"elementor-icon-box-wrapper\">\n\t\t\t\t\t\t<div class=\"elementor-icon-box-icon\">\n\t\t\t\t<span class=\"elementor-icon elementor-animation-\" >\n\t\t\t\t<i aria-hidden=\"true\" class=\"fas fa-sync-alt\"><\/i>\t\t\t\t<\/span>\n\t\t\t<\/div>\n\t\t\t\t\t\t<div class=\"elementor-icon-box-content\">\n\t\t\t\t<h3 class=\"elementor-icon-box-title\">\n\t\t\t\t\t<span  >\n\t\t\t\t\t\tQuick Turnaround\t\t\t\t\t<\/span>\n\t\t\t\t<\/h3>\n\t\t\t\t\t\t\t<\/div>\n\t\t<\/div>\n\t\t\t\t<\/div>\n\t\t\t\t<\/div>\n\t\t\t\t\t<\/div>\n\t\t<\/div>\n\t\t\t\t<div class=\"elementor-column elementor-col-50 elementor-inner-column elementor-element elementor-element-bb8d236\" data-id=\"bb8d236\" data-element_type=\"column\">\n\t\t\t<div class=\"elementor-widget-wrap elementor-element-populated\">\n\t\t\t\t\t\t\t\t<div class=\"elementor-element elementor-element-bbb98e8 elementor-view-stacked elementor-vertical-align-bottom elementor-shape-circle elementor-mobile-position-top elementor-widget elementor-widget-icon-box\" data-id=\"bbb98e8\" data-element_type=\"widget\" data-widget_type=\"icon-box.default\">\n\t\t\t\t<div class=\"elementor-widget-container\">\n\t\t\t\t\t<div class=\"elementor-icon-box-wrapper\">\n\t\t\t\t\t\t<div class=\"elementor-icon-box-icon\">\n\t\t\t\t<span class=\"elementor-icon elementor-animation-\" >\n\t\t\t\t<i aria-hidden=\"true\" class=\"fas fa-life-ring\"><\/i>\t\t\t\t<\/span>\n\t\t\t<\/div>\n\t\t\t\t\t\t<div class=\"elementor-icon-box-content\">\n\t\t\t\t<h3 class=\"elementor-icon-box-title\">\n\t\t\t\t\t<span  >\n\t\t\t\t\t\tDedicated Support\t\t\t\t\t<\/span>\n\t\t\t\t<\/h3>\n\t\t\t\t\t\t\t<\/div>\n\t\t<\/div>\n\t\t\t\t<\/div>\n\t\t\t\t<\/div>\n\t\t\t\t\t<\/div>\n\t\t<\/div>\n\t\t\t\t\t\t\t<\/div>\n\t\t<\/section>\n\t\t\t\t\t<\/div>\n\t\t<\/div>\n\t\t\t\t\t\t\t<\/div>\n\t\t<\/section>\n\t\t\t\t\t\t\t<\/div>\n\t\t","protected":false},"excerpt":{"rendered":"<p>Quem somos n\u00f3s Dra. Mayara Colodete Nossa hist\u00f3ria come\u00e7a quando a Dra. Mayara Colodete, graduada pela Universidade Federal Fluminense (Brasil), decide que sua hist\u00f3ria n\u00e3o precisava se limitar ao Brasil.\u00a0 \u00a0 Descendente de portugueses e italianos, \u00e9 aprovada em segundo lugar para cursar um Mestrado na cadeira de Direito Civil da Universidade de Lisboa e &hellip;<\/p>\n<p class=\"read-more\"> <a class=\"\" href=\"https:\/\/colodeteadvocacia.com\/index.php\/services\/\"> <span class=\"screen-reader-text\">Quem somos n\u00f3s<\/span> Leia mais &raquo;<\/a><\/p>\n","protected":false},"author":1,"featured_media":0,"parent":0,"menu_order":0,"comment_status":"closed","ping_status":"closed","template":"","meta":{"site-sidebar-layout":"no-sidebar","site-content-layout":"page-builder","ast-global-header-display":"","ast-main-header-display":"","ast-hfb-above-header-display":"","ast-hfb-below-header-display":"","ast-hfb-mobile-header-display":"","site-post-title":"disabled","ast-breadcrumbs-content":"","ast-featured-img":"disabled","footer-sml-layout":"","theme-transparent-header-meta":"enabled","adv-header-id-meta":"","stick-header-meta":"","header-above-stick-meta":"","header-main-stick-meta":"","header-below-stick-meta":""},"yoast_head":"<!-- This site is optimized with the Yoast SEO plugin v20.9 - https:\/\/yoast.com\/wordpress\/plugins\/seo\/ -->\n<title>Quem somos n\u00f3s - Mayara Colodete Advocacia de Imigra\u00e7\u00e3o<\/title>\n<meta name=\"robots\" content=\"index, follow, max-snippet:-1, max-image-preview:large, max-video-preview:-1\" \/>\n<link rel=\"canonical\" href=\"https:\/\/colodeteadvocacia.com\/index.php\/services\/\" \/>\n<meta property=\"og:locale\" content=\"pt_BR\" \/>\n<meta property=\"og:type\" content=\"article\" \/>\n<meta property=\"og:title\" content=\"Quem somos n\u00f3s - Mayara Colodete Advocacia de Imigra\u00e7\u00e3o\" \/>\n<meta property=\"og:description\" content=\"Quem somos n\u00f3s Dra. Mayara Colodete Nossa hist\u00f3ria come\u00e7a quando a Dra. Mayara Colodete, graduada pela Universidade Federal Fluminense (Brasil), decide que sua hist\u00f3ria n\u00e3o precisava se limitar ao Brasil.\u00a0 \u00a0 Descendente de portugueses e italianos, \u00e9 aprovada em segundo lugar para cursar um Mestrado na cadeira de Direito Civil da Universidade de Lisboa e &hellip; Quem somos n\u00f3s Leia mais &raquo;\" \/>\n<meta property=\"og:url\" content=\"https:\/\/colodeteadvocacia.com\/index.php\/services\/\" \/>\n<meta property=\"og:site_name\" content=\"Mayara Colodete Advocacia de Imigra\u00e7\u00e3o\" \/>\n<meta property=\"article:modified_time\" content=\"2023-06-12T17:52:51+00:00\" \/>\n<meta property=\"og:image\" content=\"https:\/\/colodeteadvocacia.com\/wp-content\/uploads\/2023\/06\/curriculo-2.jpg\" \/>\n<meta name=\"twitter:card\" content=\"summary_large_image\" \/>\n<meta name=\"twitter:label1\" content=\"Est. tempo de leitura\" \/>\n\t<meta name=\"twitter:data1\" content=\"2 minutos\" \/>\n<script type=\"application\/ld+json\" class=\"yoast-schema-graph\">{\"@context\":\"https:\/\/schema.org\",\"@graph\":[{\"@type\":\"WebPage\",\"@id\":\"https:\/\/colodeteadvocacia.com\/index.php\/services\/\",\"url\":\"https:\/\/colodeteadvocacia.com\/index.php\/services\/\",\"name\":\"Quem somos n\u00f3s - Mayara Colodete Advocacia de Imigra\u00e7\u00e3o\",\"isPartOf\":{\"@id\":\"https:\/\/colodeteadvocacia.com\/#website\"},\"datePublished\":\"2021-11-21T15:14:41+00:00\",\"dateModified\":\"2023-06-12T17:52:51+00:00\",\"breadcrumb\":{\"@id\":\"https:\/\/colodeteadvocacia.com\/index.php\/services\/#breadcrumb\"},\"inLanguage\":\"pt-BR\",\"potentialAction\":[{\"@type\":\"ReadAction\",\"target\":[\"https:\/\/colodeteadvocacia.com\/index.php\/services\/\"]}]},{\"@type\":\"BreadcrumbList\",\"@id\":\"https:\/\/colodeteadvocacia.com\/index.php\/services\/#breadcrumb\",\"itemListElement\":[{\"@type\":\"ListItem\",\"position\":1,\"name\":\"In\u00edcio\",\"item\":\"https:\/\/colodeteadvocacia.com\/\"},{\"@type\":\"ListItem\",\"position\":2,\"name\":\"Quem somos n\u00f3s\"}]},{\"@type\":\"WebSite\",\"@id\":\"https:\/\/colodeteadvocacia.com\/#website\",\"url\":\"https:\/\/colodeteadvocacia.com\/\",\"name\":\"Mayara Colodete Advocacia de Imigra\u00e7\u00e3o\",\"description\":\"Mayara Colodete. Advogada inscrita na Ordem dos Advogados do Brasil e de Portugal com atendimento a n\u00edvel internacional.\",\"publisher\":{\"@id\":\"https:\/\/colodeteadvocacia.com\/#organization\"},\"potentialAction\":[{\"@type\":\"SearchAction\",\"target\":{\"@type\":\"EntryPoint\",\"urlTemplate\":\"https:\/\/colodeteadvocacia.com\/?s={search_term_string}\"},\"query-input\":\"required name=search_term_string\"}],\"inLanguage\":\"pt-BR\"},{\"@type\":\"Organization\",\"@id\":\"https:\/\/colodeteadvocacia.com\/#organization\",\"name\":\"Mayara Colodete Advocacia de Imigra\u00e7\u00e3o\",\"url\":\"https:\/\/colodeteadvocacia.com\/\",\"logo\":{\"@type\":\"ImageObject\",\"inLanguage\":\"pt-BR\",\"@id\":\"https:\/\/colodeteadvocacia.com\/#\/schema\/logo\/image\/\",\"url\":\"https:\/\/colodeteadvocacia.com\/wp-content\/uploads\/2023\/04\/Copia-de-Copia-de-Copia-de-Copia-de-PASSEAR-Story-do-Instagram-5.png\",\"contentUrl\":\"https:\/\/colodeteadvocacia.com\/wp-content\/uploads\/2023\/04\/Copia-de-Copia-de-Copia-de-Copia-de-PASSEAR-Story-do-Instagram-5.png\",\"width\":2160,\"height\":2160,\"caption\":\"Mayara Colodete Advocacia de Imigra\u00e7\u00e3o\"},\"image\":{\"@id\":\"https:\/\/colodeteadvocacia.com\/#\/schema\/logo\/image\/\"}}]}<\/script>\n<!-- \/ Yoast SEO plugin. -->","yoast_head_json":{"title":"Quem somos n\u00f3s - Mayara Colodete Advocacia de Imigra\u00e7\u00e3o","robots":{"index":"index","follow":"follow","max-snippet":"max-snippet:-1","max-image-preview":"max-image-preview:large","max-video-preview":"max-video-preview:-1"},"canonical":"https:\/\/colodeteadvocacia.com\/index.php\/services\/","og_locale":"pt_BR","og_type":"article","og_title":"Quem somos n\u00f3s - Mayara Colodete Advocacia de Imigra\u00e7\u00e3o","og_description":"Quem somos n\u00f3s Dra. Mayara Colodete Nossa hist\u00f3ria come\u00e7a quando a Dra. Mayara Colodete, graduada pela Universidade Federal Fluminense (Brasil), decide que sua hist\u00f3ria n\u00e3o precisava se limitar ao Brasil.\u00a0 \u00a0 Descendente de portugueses e italianos, \u00e9 aprovada em segundo lugar para cursar um Mestrado na cadeira de Direito Civil da Universidade de Lisboa e &hellip; Quem somos n\u00f3s Leia mais &raquo;","og_url":"https:\/\/colodeteadvocacia.com\/index.php\/services\/","og_site_name":"Mayara Colodete Advocacia de Imigra\u00e7\u00e3o","article_modified_time":"2023-06-12T17:52:51+00:00","og_image":[{"url":"https:\/\/colodeteadvocacia.com\/wp-content\/uploads\/2023\/06\/curriculo-2.jpg"}],"twitter_card":"summary_large_image","twitter_misc":{"Est. tempo de leitura":"2 minutos"},"schema":{"@context":"https:\/\/schema.org","@graph":[{"@type":"WebPage","@id":"https:\/\/colodeteadvocacia.com\/index.php\/services\/","url":"https:\/\/colodeteadvocacia.com\/index.php\/services\/","name":"Quem somos n\u00f3s - Mayara Colodete Advocacia de Imigra\u00e7\u00e3o","isPartOf":{"@id":"https:\/\/colodeteadvocacia.com\/#website"},"datePublished":"2021-11-21T15:14:41+00:00","dateModified":"2023-06-12T17:52:51+00:00","breadcrumb":{"@id":"https:\/\/colodeteadvocacia.com\/index.php\/services\/#breadcrumb"},"inLanguage":"pt-BR","potentialAction":[{"@type":"ReadAction","target":["https:\/\/colodeteadvocacia.com\/index.php\/services\/"]}]},{"@type":"BreadcrumbList","@id":"https:\/\/colodeteadvocacia.com\/index.php\/services\/#breadcrumb","itemListElement":[{"@type":"ListItem","position":1,"name":"In\u00edcio","item":"https:\/\/colodeteadvocacia.com\/"},{"@type":"ListItem","position":2,"name":"Quem somos n\u00f3s"}]},{"@type":"WebSite","@id":"https:\/\/colodeteadvocacia.com\/#website","url":"https:\/\/colodeteadvocacia.com\/","name":"Mayara Colodete Advocacia de Imigra\u00e7\u00e3o","description":"Mayara Colodete. Advogada inscrita na Ordem dos Advogados do Brasil e de Portugal com atendimento a n\u00edvel internacional.","publisher":{"@id":"https:\/\/colodeteadvocacia.com\/#organization"},"potentialAction":[{"@type":"SearchAction","target":{"@type":"EntryPoint","urlTemplate":"https:\/\/colodeteadvocacia.com\/?s={search_term_string}"},"query-input":"required name=search_term_string"}],"inLanguage":"pt-BR"},{"@type":"Organization","@id":"https:\/\/colodeteadvocacia.com\/#organization","name":"Mayara Colodete Advocacia de Imigra\u00e7\u00e3o","url":"https:\/\/colodeteadvocacia.com\/","logo":{"@type":"ImageObject","inLanguage":"pt-BR","@id":"https:\/\/colodeteadvocacia.com\/#\/schema\/logo\/image\/","url":"https:\/\/colodeteadvocacia.com\/wp-content\/uploads\/2023\/04\/Copia-de-Copia-de-Copia-de-Copia-de-PASSEAR-Story-do-Instagram-5.png","contentUrl":"https:\/\/colodeteadvocacia.com\/wp-content\/uploads\/2023\/04\/Copia-de-Copia-de-Copia-de-Copia-de-PASSEAR-Story-do-Instagram-5.png","width":2160,"height":2160,"caption":"Mayara Colodete Advocacia de Imigra\u00e7\u00e3o"},"image":{"@id":"https:\/\/colodeteadvocacia.com\/#\/schema\/logo\/image\/"}}]}},"_links":{"self":[{"href":"https:\/\/colodeteadvocacia.com\/index.php\/wp-json\/wp\/v2\/pages\/1572"}],"collection":[{"href":"https:\/\/colodeteadvocacia.com\/index.php\/wp-json\/wp\/v2\/pages"}],"about":[{"href":"https:\/\/colodeteadvocacia.com\/index.php\/wp-json\/wp\/v2\/types\/page"}],"author":[{"embeddable":true,"href":"https:\/\/colodeteadvocacia.com\/index.php\/wp-json\/wp\/v2\/users\/1"}],"replies":[{"embeddable":true,"href":"https:\/\/colodeteadvocacia.com\/index.php\/wp-json\/wp\/v2\/comments?post=1572"}],"version-history":[{"count":6,"href":"https:\/\/colodeteadvocacia.com\/index.php\/wp-json\/wp\/v2\/pages\/1572\/revisions"}],"predecessor-version":[{"id":1691,"href":"https:\/\/colodeteadvocacia.com\/index.php\/wp-json\/wp\/v2\/pages\/1572\/revisions\/1691"}],"wp:attachment":[{"href":"https:\/\/colodeteadvocacia.com\/index.php\/wp-json\/wp\/v2\/media?parent=1572"}],"curies":[{"name":"wp","href":"https:\/\/api.w.org\/{rel}","templated":true}]}}